{"id":42077,"date":"2022-02-09T19:47:07","date_gmt":"2022-02-10T00:47:07","guid":{"rendered":"https:\/\/ko3g503ir7-staging.onrocket.site\/eventos-de-dupla-cidadania-em-luxemburgo\/"},"modified":"2026-08-13T20:05:07","modified_gmt":"2026-08-14T00:05:07","slug":"eventos-de-dupla-cidadania-em-luxemburgo","status":"publish","type":"page","link":"https:\/\/www.luxcitizenship.com\/br\/eventos-de-dupla-cidadania-em-luxemburgo\/","title":{"rendered":"Eventos para pessoas com dupla cidadania luxemburguesa"},"content":{"rendered":"\t\t<div data-elementor-type=\"wp-page\" data-elementor-id=\"42077\" class=\"elementor elementor-42077 elementor-18473\" data-elementor-post-type=\"page\">\n\t\t\t\t<div data-particle_enable=\"false\" data-particle-mobile-disabled=\"false\" class=\"elementor-element elementor-element-c90b9c1 e-flex e-con-boxed e-con e-parent\" data-id=\"c90b9c1\" data-element_type=\"container\" data-e-type=\"container\">\n\t\t\t\t\t<div class=\"e-con-inner\">\n\t\t\t\t<div class=\"elementor-element elementor-element-33d62ab9 elementor-widget__width-initial elementor-widget elementor-widget-heading\" data-id=\"33d62ab9\" data-element_type=\"widget\" data-e-type=\"widget\" data-widget_type=\"heading.default\">\n\t\t\t\t\t<h1 class=\"elementor-heading-title elementor-size-default\">Eventos de Dupla Cidadania Luxemburguesa<\/h1>\t\t\t\t<\/div>\n\t\t\t\t\t<\/div>\n\t\t\t\t<\/div>\n\t\t<div data-particle_enable=\"false\" data-particle-mobile-disabled=\"false\" class=\"elementor-element elementor-element-6d7192c0 e-con-full e-flex e-con e-parent\" data-id=\"6d7192c0\" data-element_type=\"container\" data-e-type=\"container\" data-settings=\"{&quot;background_background&quot;:&quot;classic&quot;}\">\n\t\t\t\t<div class=\"elementor-element elementor-element-2cb518ea elementor-widget elementor-widget-spacer\" data-id=\"2cb518ea\" data-element_type=\"widget\" data-e-type=\"widget\" data-widget_type=\"spacer.default\">\n\t\t\t\t\t\t\t<div class=\"elementor-spacer\">\n\t\t\t<div class=\"elementor-spacer-inner\"><\/div>\n\t\t<\/div>\n\t\t\t\t\t\t<\/div>\n\t\t\t\t<\/div>\n\t\t<div data-particle_enable=\"false\" data-particle-mobile-disabled=\"false\" class=\"elementor-element elementor-element-4a8a7b9f e-con-full e-flex e-con e-parent\" data-id=\"4a8a7b9f\" data-element_type=\"container\" data-e-type=\"container\" data-settings=\"{&quot;background_background&quot;:&quot;classic&quot;}\">\n\t\t\t\t<div class=\"elementor-element elementor-element-15585abb elementor-widget elementor-widget-text-editor\" data-id=\"15585abb\" data-element_type=\"widget\" data-e-type=\"widget\" data-widget_type=\"text-editor.default\">\n\t\t\t\t\t\t\t\t\t<p><strong>Confira os eventos mais interessantes para quem j\u00e1 tem ou est\u00e1 em busca da dupla cidadania luxemburguesa. Em Luxemburgo, no Brasil ou online: a gente te conta tudo.<\/strong><\/p>\t\t\t\t\t\t\t\t<\/div>\n\t\t\t\t<\/div>\n\t\t<div data-particle_enable=\"false\" data-particle-mobile-disabled=\"false\" class=\"elementor-element elementor-element-4cd2146 e-flex e-con-boxed e-con e-parent\" data-id=\"4cd2146\" data-element_type=\"container\" data-e-type=\"container\">\n\t\t\t\t\t<div class=\"e-con-inner\">\n\t\t\t\t<div class=\"elementor-element elementor-element-217d36b elementor-widget__width-initial elementor-widget-tablet__width-initial elementor-widget elementor-widget-heading\" data-id=\"217d36b\" data-element_type=\"widget\" data-e-type=\"widget\" data-widget_type=\"heading.default\">\n\t\t\t\t\t<h2 class=\"elementor-heading-title elementor-size-default\">Eventos P\u00fablicos\n<\/h2>\t\t\t\t<\/div>\n\t\t\t\t<div class=\"elementor-element elementor-element-aa8295f elementor-widget elementor-widget-text-editor\" data-id=\"aa8295f\" data-element_type=\"widget\" data-e-type=\"widget\" data-widget_type=\"text-editor.default\">\n\t\t\t\t\t\t\t\t\t<p>Os eventos abaixo n\u00e3o s\u00e3o organizados pela LuxCitizenship, mas reunimos aqui uma sele\u00e7\u00e3o de atividades que podem interessar a quem tem liga\u00e7\u00e3o com Luxemburgo.<\/p>\t\t\t\t\t\t\t\t<\/div>\n\t\t<div data-particle_enable=\"false\" data-particle-mobile-disabled=\"false\" class=\"elementor-element elementor-element-2d4209f e-flex e-con-boxed e-con e-child\" data-id=\"2d4209f\" data-element_type=\"container\" data-e-type=\"container\">\n\t\t\t\t\t<div class=\"e-con-inner\">\n\t\t<div data-particle_enable=\"false\" data-particle-mobile-disabled=\"false\" class=\"elementor-element elementor-element-3eda1e2 e-con-full e-flex e-con e-child\" data-id=\"3eda1e2\" data-element_type=\"container\" data-e-type=\"container\">\n\t\t<div data-particle_enable=\"false\" data-particle-mobile-disabled=\"false\" class=\"elementor-element elementor-element-49b8799 e-con-full e-flex e-con e-child\" data-id=\"49b8799\" data-element_type=\"container\" data-e-type=\"container\">\n\t\t<div data-particle_enable=\"false\" data-particle-mobile-disabled=\"false\" class=\"elementor-element elementor-element-a2b1db7 e-con-full e-flex e-con e-child\" data-id=\"a2b1db7\" data-element_type=\"container\" data-e-type=\"container\">\n\t\t\t\t<div class=\"elementor-element elementor-element-8ffd354 elementor-widget elementor-widget-heading\" data-id=\"8ffd354\" data-element_type=\"widget\" data-e-type=\"widget\" data-widget_type=\"heading.default\">\n\t\t\t\t\t<h3 class=\"elementor-heading-title elementor-size-default\">Summer an der Stad\u200b<\/h3>\t\t\t\t<\/div>\n\t\t\t\t<div class=\"elementor-element elementor-element-2f75898 elementor-widget elementor-widget-text-editor\" data-id=\"2f75898\" data-element_type=\"widget\" data-e-type=\"widget\" data-widget_type=\"text-editor.default\">\n\t\t\t\t\t\t\t\t\t<p><strong>Cidade de Luxemburgo | Ver\u00e3o de 2026<\/strong><\/p><p>O &#8220;Summer an der Stad&#8221; (&#8220;Ver\u00e3o na Cidade&#8221;) \u00e9 a programa\u00e7\u00e3o de ver\u00e3o da Cidade de Luxemburgo, com shows ao ar livre, exposi\u00e7\u00f5es, pe\u00e7as de teatro, feiras e eventos culturais espalhados pela capital.<\/p><p><a style=\"font-size: 18px;\" href=\"https:\/\/www.vdl.lu\/en\/visiting\/leisure-and-recreation\/festivals-fairs-and-events\/summer-der-stad\"><strong>Clique aqui para saber mais<\/strong><\/a><\/p>\t\t\t\t\t\t\t\t<\/div>\n\t\t\t\t<\/div>\n\t\t<div data-particle_enable=\"false\" data-particle-mobile-disabled=\"false\" class=\"elementor-element elementor-element-7a8b8fb e-con-full e-flex e-con e-child\" data-id=\"7a8b8fb\" data-element_type=\"container\" data-e-type=\"container\">\n\t\t\t\t<div class=\"elementor-element elementor-element-8d10ae0 elementor-widget elementor-widget-video\" data-id=\"8d10ae0\" data-element_type=\"widget\" data-e-type=\"widget\" data-settings=\"{&quot;youtube_url&quot;:&quot;https:\\\/\\\/youtu.be\\\/H5T7nQkfoZI&quot;,&quot;video_type&quot;:&quot;youtube&quot;,&quot;controls&quot;:&quot;yes&quot;}\" data-widget_type=\"video.default\">\n\t\t\t\t\t\t\t<div class=\"elementor-wrapper elementor-open-inline\">\n\t\t\t<div class=\"elementor-video\"><\/div>\t\t<\/div>\n\t\t\t\t\t\t<\/div>\n\t\t\t\t<\/div>\n\t\t\t\t<\/div>\n\t\t<div data-particle_enable=\"false\" data-particle-mobile-disabled=\"false\" class=\"elementor-element elementor-element-97122f8 e-con-full e-flex e-con e-child\" data-id=\"97122f8\" data-element_type=\"container\" data-e-type=\"container\">\n\t\t<div data-particle_enable=\"false\" data-particle-mobile-disabled=\"false\" class=\"elementor-element elementor-element-d152699 e-con-full e-flex e-con e-child\" data-id=\"d152699\" data-element_type=\"container\" data-e-type=\"container\">\n\t\t\t\t<div class=\"elementor-element elementor-element-74caadc elementor-widget elementor-widget-heading\" data-id=\"74caadc\" data-element_type=\"widget\" data-e-type=\"widget\" data-widget_type=\"heading.default\">\n\t\t\t\t\t<h3 class=\"elementor-heading-title elementor-size-default\">Schueberfouer<\/h3>\t\t\t\t<\/div>\n\t\t\t\t<div class=\"elementor-element elementor-element-b1a54e9 elementor-widget elementor-widget-text-editor\" data-id=\"b1a54e9\" data-element_type=\"widget\" data-e-type=\"widget\" data-widget_type=\"text-editor.default\">\n\t\t\t\t\t\t\t\t\t<p><strong>Cidade de Luxemburgo | 21 de agosto a 9 de setembro de 2026<\/strong><\/p><p>A Schueberfouer \u00e9 o parque de divers\u00f5es anual que acontece no Glacis, no bairro de Limpertsberg, na Cidade de Luxemburgo. Em 2026 chega \u00e0 sua 684\u00aa edi\u00e7\u00e3o \u2014 \u00e9 o parque de divers\u00f5es em funcionamento cont\u00ednuo mais antigo da Europa.<\/p><p><a style=\"font-size: 18px;\" href=\"https:\/\/www.luxembourg-city.com\/en\/place\/tradition\/schueberfouer\"><strong>Clique aqui para saber mais<\/strong><\/a><\/p>\t\t\t\t\t\t\t\t<\/div>\n\t\t\t\t<\/div>\n\t\t<div data-particle_enable=\"false\" data-particle-mobile-disabled=\"false\" class=\"elementor-element elementor-element-37b92f1 e-con-full e-flex e-con e-child\" data-id=\"37b92f1\" data-element_type=\"container\" data-e-type=\"container\">\n\t\t\t\t<div class=\"elementor-element elementor-element-17ead51 elementor-widget elementor-widget-video\" data-id=\"17ead51\" data-element_type=\"widget\" data-e-type=\"widget\" data-settings=\"{&quot;youtube_url&quot;:&quot;https:\\\/\\\/youtu.be\\\/xz4sKSyiUGU&quot;,&quot;video_type&quot;:&quot;youtube&quot;,&quot;controls&quot;:&quot;yes&quot;}\" data-widget_type=\"video.default\">\n\t\t\t\t\t\t\t<div class=\"elementor-wrapper elementor-open-inline\">\n\t\t\t<div class=\"elementor-video\"><\/div>\t\t<\/div>\n\t\t\t\t\t\t<\/div>\n\t\t\t\t<\/div>\n\t\t\t\t<\/div>\n\t\t\t\t<\/div>\n\t\t\t\t\t<\/div>\n\t\t\t\t<\/div>\n\t\t<div data-particle_enable=\"false\" data-particle-mobile-disabled=\"false\" class=\"elementor-element elementor-element-dc363b3 e-con-full e-flex e-con e-child\" data-id=\"dc363b3\" data-element_type=\"container\" data-e-type=\"container\">\n\t\t<div data-particle_enable=\"false\" data-particle-mobile-disabled=\"false\" class=\"elementor-element elementor-element-a480bdf e-con-full e-flex e-con e-child\" data-id=\"a480bdf\" data-element_type=\"container\" data-e-type=\"container\">\n\t\t<div data-particle_enable=\"false\" data-particle-mobile-disabled=\"false\" class=\"elementor-element elementor-element-bffe2ed e-con-full e-flex e-con e-child\" data-id=\"bffe2ed\" data-element_type=\"container\" data-e-type=\"container\">\n\t\t\t\t<div class=\"elementor-element elementor-element-2301326 elementor-widget elementor-widget-heading\" data-id=\"2301326\" data-element_type=\"widget\" data-e-type=\"widget\" data-widget_type=\"heading.default\">\n\t\t\t\t\t<h3 class=\"elementor-heading-title elementor-size-default\">Noite dos Museus (Nuit des Mus\u00e9es)<\/h3>\t\t\t\t<\/div>\n\t\t\t\t<div class=\"elementor-element elementor-element-aef68f7 elementor-widget elementor-widget-text-editor\" data-id=\"aef68f7\" data-element_type=\"widget\" data-e-type=\"widget\" data-widget_type=\"text-editor.default\">\n\t\t\t\t\t\t\t\t\t<p><strong>Cidade de Luxemburgo | 10 de outubro de 2026<\/strong><\/p><p>Os museus da capital ficam abertos at\u00e9 tarde, com visitas guiadas, apresenta\u00e7\u00f5es ao vivo, oficinas, m\u00fasica e experi\u00eancias gastron\u00f4micas. Participam espa\u00e7os como o Mudam, a Villa Vauban, o Casino Luxembourg e o Museu Nacional de Hist\u00f3ria e Arte. A programa\u00e7\u00e3o vai das 17h \u00e0 1h, e alguns museus seguem abertos at\u00e9 as 3h. H\u00e1 \u00f4nibus gratuito entre os locais, e vale comprar ingresso com anteced\u00eancia para evitar filas.<\/p><p><a style=\"font-size: 18px;\" href=\"https:\/\/museumsmile.lu\/en\/nuit-des-musees\"><strong>Clique aqui para saber mais<\/strong><\/a><\/p>\t\t\t\t\t\t\t\t<\/div>\n\t\t\t\t<\/div>\n\t\t<div data-particle_enable=\"false\" data-particle-mobile-disabled=\"false\" class=\"elementor-element elementor-element-7ca6461 e-con-full e-flex e-con e-child\" data-id=\"7ca6461\" data-element_type=\"container\" data-e-type=\"container\">\n\t\t\t\t<div class=\"elementor-element elementor-element-2499bd4 elementor-widget elementor-widget-video\" data-id=\"2499bd4\" data-element_type=\"widget\" data-e-type=\"widget\" data-settings=\"{&quot;youtube_url&quot;:&quot;https:\\\/\\\/youtu.be\\\/AQykexU1_h8&quot;,&quot;video_type&quot;:&quot;youtube&quot;,&quot;controls&quot;:&quot;yes&quot;}\" data-widget_type=\"video.default\">\n\t\t\t\t\t\t\t<div class=\"elementor-wrapper elementor-open-inline\">\n\t\t\t<div class=\"elementor-video\"><\/div>\t\t<\/div>\n\t\t\t\t\t\t<\/div>\n\t\t\t\t<\/div>\n\t\t\t\t<\/div>\n\t\t\t\t<\/div>\n\t\t<div data-particle_enable=\"false\" data-particle-mobile-disabled=\"false\" class=\"elementor-element elementor-element-492d8b1 e-con-full e-flex e-con e-child\" data-id=\"492d8b1\" data-element_type=\"container\" data-e-type=\"container\">\n\t\t<div data-particle_enable=\"false\" data-particle-mobile-disabled=\"false\" class=\"elementor-element elementor-element-5687ec7 e-con-full e-flex e-con e-child\" data-id=\"5687ec7\" data-element_type=\"container\" data-e-type=\"container\">\n\t\t<div data-particle_enable=\"false\" data-particle-mobile-disabled=\"false\" class=\"elementor-element elementor-element-3272ed3 e-con-full e-flex e-con e-child\" data-id=\"3272ed3\" data-element_type=\"container\" data-e-type=\"container\">\n\t\t\t\t<div class=\"elementor-element elementor-element-248cb64 elementor-widget elementor-widget-heading\" data-id=\"248cb64\" data-element_type=\"widget\" data-e-type=\"widget\" data-widget_type=\"heading.default\">\n\t\t\t\t\t<h3 class=\"elementor-heading-title elementor-size-default\">Bazar International<\/h3>\t\t\t\t<\/div>\n\t\t\t\t<div class=\"elementor-element elementor-element-1731069 elementor-widget elementor-widget-text-editor\" data-id=\"1731069\" data-element_type=\"widget\" data-e-type=\"widget\" data-widget_type=\"text-editor.default\">\n\t\t\t\t\t\t\t\t\t<p><strong>LuxExpo | 4 a 6 de dezembro de 2026<\/strong><\/p><p>Durante tr\u00eas dias, o evento re\u00fane cerca de 60 estandes de diferentes pa\u00edses, com comidas e bebidas t\u00edpicas, artesanato, joias, roupas, bolsas, decora\u00e7\u00e3o de Natal e muito mais. \u00c9 uma \u00f3tima chance de conhecer culturas do mundo todo e levar para casa algo \u00fanico. A entrada \u00e9 gratuita e toda a arrecada\u00e7\u00e3o vai para projetos humanit\u00e1rios.<\/p><p><a style=\"font-size: 18px;\" href=\"https:\/\/www.bazar-international.lu\/\"><strong>Clique aqui para saber mais<\/strong><\/a><\/p>\t\t\t\t\t\t\t\t<\/div>\n\t\t\t\t<\/div>\n\t\t<div data-particle_enable=\"false\" data-particle-mobile-disabled=\"false\" class=\"elementor-element elementor-element-d20f588 e-con-full e-flex e-con e-child\" data-id=\"d20f588\" data-element_type=\"container\" data-e-type=\"container\">\n\t\t\t\t<div class=\"elementor-element elementor-element-07e64dc elementor-widget elementor-widget-video\" data-id=\"07e64dc\" data-element_type=\"widget\" data-e-type=\"widget\" data-settings=\"{&quot;youtube_url&quot;:&quot;https:\\\/\\\/youtu.be\\\/thtkxH5xoZU&quot;,&quot;video_type&quot;:&quot;youtube&quot;,&quot;controls&quot;:&quot;yes&quot;}\" data-widget_type=\"video.default\">\n\t\t\t\t\t\t\t<div class=\"elementor-wrapper elementor-open-inline\">\n\t\t\t<div class=\"elementor-video\"><\/div>\t\t<\/div>\n\t\t\t\t\t\t<\/div>\n\t\t\t\t<\/div>\n\t\t\t\t<\/div>\n\t\t\t\t<\/div>\n\t\t<div data-particle_enable=\"false\" data-particle-mobile-disabled=\"false\" class=\"elementor-element elementor-element-25ae3ab e-con-full e-flex e-con e-child\" data-id=\"25ae3ab\" data-element_type=\"container\" data-e-type=\"container\">\n\t\t<div data-particle_enable=\"false\" data-particle-mobile-disabled=\"false\" class=\"elementor-element elementor-element-a5b3175 e-con-full e-flex e-con e-child\" data-id=\"a5b3175\" data-element_type=\"container\" data-e-type=\"container\">\n\t\t\t\t<div class=\"elementor-element elementor-element-eb4241d elementor-widget elementor-widget-heading\" data-id=\"eb4241d\" data-element_type=\"widget\" data-e-type=\"widget\" data-widget_type=\"heading.default\">\n\t\t\t\t\t<h3 class=\"elementor-heading-title elementor-size-default\">Winterlights (Mercados Natalinos de Luxemburgo)<\/h3>\t\t\t\t<\/div>\n\t\t\t\t<div class=\"elementor-element elementor-element-6dc9455 elementor-widget elementor-widget-text-editor\" data-id=\"6dc9455\" data-element_type=\"widget\" data-e-type=\"widget\" data-widget_type=\"text-editor.default\">\n\t\t\t\t\t\t\t\t\t<p><strong>Luxemburgo | Novembro de 2026 a in\u00edcio de janeiro de 2027<\/strong><\/p><p>Em dezembro, os mercados natalinos s\u00e3o a grande atra\u00e7\u00e3o de Luxemburgo. Com artesanato, comidas t\u00edpicas, Gl\u00fchwein (o vinho quente alem\u00e3o), bandas ao vivo e at\u00e9 brinquedos de parque na capital, esses mercados aparecem em todo o pa\u00eds. Um espet\u00e1culo \u00e0 parte.<\/p><p><a style=\"font-size: 18px;\" href=\"https:\/\/www.luxcitizenship.com\/christmas-seasonal-activities-in-luxembourg\/\"><strong>Confira nosso artigo sobre os mercados natalinos de Luxemburgo<\/strong><\/a><\/p>\t\t\t\t\t\t\t\t<\/div>\n\t\t\t\t<\/div>\n\t\t<div data-particle_enable=\"false\" data-particle-mobile-disabled=\"false\" class=\"elementor-element elementor-element-76efffc e-con-full e-flex e-con e-child\" data-id=\"76efffc\" data-element_type=\"container\" data-e-type=\"container\">\n\t\t\t\t<div class=\"elementor-element elementor-element-3b8f87c elementor-widget elementor-widget-video\" data-id=\"3b8f87c\" data-element_type=\"widget\" data-e-type=\"widget\" data-settings=\"{&quot;youtube_url&quot;:&quot;https:\\\/\\\/youtu.be\\\/ewUFEVR-4bA&quot;,&quot;video_type&quot;:&quot;youtube&quot;,&quot;controls&quot;:&quot;yes&quot;}\" data-widget_type=\"video.default\">\n\t\t\t\t\t\t\t<div class=\"elementor-wrapper elementor-open-inline\">\n\t\t\t<div class=\"elementor-video\"><\/div>\t\t<\/div>\n\t\t\t\t\t\t<\/div>\n\t\t\t\t<\/div>\n\t\t\t\t<\/div>\n\t\t\t\t<div class=\"elementor-element elementor-element-5ddc774 elementor-widget elementor-widget-html\" data-id=\"5ddc774\" data-element_type=\"widget\" data-e-type=\"widget\" data-widget_type=\"html.default\">\n\t\t\t\t\t<script type=\"application\/ld+json\">{\"@context\":\"https:\/\/schema.org\",\"@type\":\"CollectionPage\",\"@id\":\"https:\/\/www.luxcitizenship.com\/br\/eventos-de-dupla-cidadania-em-luxemburgo\/#events\",\"name\":\"Eventos de Dupla Cidadania Luxemburguesa\",\"description\":\"Eventos de interesse para quem j\\u00e1 tem ou est\\u00e1 em busca da dupla cidadania luxemburguesa, em Luxemburgo, no Brasil e online.\",\"url\":\"https:\/\/www.luxcitizenship.com\/br\/eventos-de-dupla-cidadania-em-luxemburgo\/\",\"inLanguage\":\"pt-BR\",\"publisher\":{\"@type\":\"Organization\",\"name\":\"LuxCitizenship\",\"url\":\"https:\/\/www.luxcitizenship.com\",\"parentOrganization\":{\"@type\":\"Organization\",\"name\":\"Connaissance Solutions LLC\"},\"email\":\"info@luxcitizenship.com\",\"telephone\":\"+1-917-740-8908\",\"address\":{\"@type\":\"PostalAddress\",\"streetAddress\":\"500 7th Ave Floor 8\",\"addressLocality\":\"New York\",\"addressRegion\":\"NY\",\"postalCode\":\"10018\",\"addressCountry\":\"US\"}},\"mainEntity\":{\"@type\":\"ItemList\",\"name\":\"Eventos de Dupla Cidadania Luxemburguesa\",\"numberOfItems\":5,\"itemListOrder\":\"https:\/\/schema.org\/ItemListOrderAscending\",\"itemListElement\":[{\"@type\":\"ListItem\",\"position\":1,\"item\":{\"@type\":\"Event\",\"name\":\"Summer an der Stad\",\"startDate\":\"2026-06-01\",\"endDate\":\"2026-09-15\",\"eventStatus\":\"https:\/\/schema.org\/EventScheduled\",\"eventAttendanceMode\":\"https:\/\/schema.org\/OfflineEventAttendanceMode\",\"description\":\"A programa\\u00e7\\u00e3o de ver\\u00e3o da Cidade de Luxemburgo, com shows ao ar livre, exposi\\u00e7\\u00f5es, apresenta\\u00e7\\u00f5es de teatro, com\\u00e9rcio e eventos culturais.\",\"location\":{\"@type\":\"Place\",\"name\":\"Cidade de Luxemburgo\",\"address\":{\"@type\":\"PostalAddress\",\"addressLocality\":\"Luxemburgo\",\"addressCountry\":\"LU\"}},\"url\":\"https:\/\/www.vdl.lu\/en\/visiting\/leisure-and-recreation\/festivals-fairs-and-events\/summer-der-stad\",\"inLanguage\":\"pt-BR\",\"organizer\":{\"@type\":\"Organization\",\"name\":\"Ville de Luxembourg\",\"url\":\"https:\/\/www.vdl.lu\/\"}}},{\"@type\":\"ListItem\",\"position\":2,\"item\":{\"@type\":\"Event\",\"name\":\"Schueberfouer\",\"startDate\":\"2026-08-21\",\"endDate\":\"2026-09-09\",\"eventStatus\":\"https:\/\/schema.org\/EventScheduled\",\"eventAttendanceMode\":\"https:\/\/schema.org\/OfflineEventAttendanceMode\",\"description\":\"Parque de divers\\u00f5es anual realizado no Glacis, no bairro de Limpertsberg, na Cidade de Luxemburgo, que chega \\u00e0 sua 684\\u00aa edi\\u00e7\\u00e3o em 2026. \\u00c9 o parque de divers\\u00f5es em funcionamento cont\\u00ednuo mais antigo da Europa.\",\"location\":{\"@type\":\"Place\",\"name\":\"Glacis, Limpertsberg\",\"address\":{\"@type\":\"PostalAddress\",\"addressLocality\":\"Cidade de Luxemburgo\",\"addressCountry\":\"LU\"}},\"url\":\"https:\/\/www.luxembourg-city.com\/en\/place\/tradition\/schueberfouer\",\"inLanguage\":\"pt-BR\",\"organizer\":{\"@type\":\"Organization\",\"name\":\"Ville de Luxembourg\",\"url\":\"https:\/\/www.vdl.lu\/\"}}},{\"@type\":\"ListItem\",\"position\":3,\"item\":{\"@type\":\"Event\",\"name\":\"Noite dos Museus (Nuit des Mus\\u00e9es)\",\"startDate\":\"2026-10-10\",\"endDate\":\"2026-10-10\",\"eventStatus\":\"https:\/\/schema.org\/EventScheduled\",\"eventAttendanceMode\":\"https:\/\/schema.org\/OfflineEventAttendanceMode\",\"description\":\"Os museus ficam abertos at\\u00e9 tarde, com visitas guiadas, apresenta\\u00e7\\u00f5es ao vivo, oficinas, m\\u00fasica e experi\\u00eancias gastron\\u00f4micas. Entre os espa\\u00e7os participantes est\\u00e3o o Mudam, a Villa Vauban, o Casino Luxembourg e o Museu Nacional de Hist\\u00f3ria e Arte.\",\"location\":{\"@type\":\"Place\",\"name\":\"Diversos museus\",\"address\":{\"@type\":\"PostalAddress\",\"addressLocality\":\"Cidade de Luxemburgo\",\"addressCountry\":\"LU\"}},\"url\":\"https:\/\/museumsmile.lu\/en\/nuit-des-musees\",\"inLanguage\":\"pt-BR\",\"organizer\":{\"@type\":\"Organization\",\"name\":\"d'stater mus\\u00e9e\\u00ebn\",\"url\":\"https:\/\/museumsmile.lu\/\"}}},{\"@type\":\"ListItem\",\"position\":4,\"item\":{\"@type\":\"Event\",\"name\":\"Winterlights (Mercados Natalinos de Luxemburgo)\",\"startDate\":\"2026-11-01\",\"endDate\":\"2027-01-05\",\"eventStatus\":\"https:\/\/schema.org\/EventScheduled\",\"eventAttendanceMode\":\"https:\/\/schema.org\/OfflineEventAttendanceMode\",\"description\":\"Os mercados natalinos de Luxemburgo, com artesanato, comidas t\\u00edpicas, Gl\\u00fchwein (vinho quente), bandas ao vivo e parque de divers\\u00f5es na Cidade de Luxemburgo.\",\"location\":{\"@type\":\"Place\",\"name\":\"Cidade de Luxemburgo e todo o pa\\u00eds\",\"address\":{\"@type\":\"PostalAddress\",\"addressLocality\":\"Luxemburgo\",\"addressCountry\":\"LU\"}},\"url\":\"https:\/\/www.luxcitizenship.com\/christmas-seasonal-activities-in-luxembourg\/\",\"inLanguage\":\"pt-BR\",\"organizer\":{\"@type\":\"Organization\",\"name\":\"Ville de Luxembourg\",\"url\":\"https:\/\/www.vdl.lu\/\"}}},{\"@type\":\"ListItem\",\"position\":5,\"item\":{\"@type\":\"Event\",\"name\":\"Bazar International\",\"startDate\":\"2026-12-04\",\"endDate\":\"2026-12-06\",\"eventStatus\":\"https:\/\/schema.org\/EventScheduled\",\"eventAttendanceMode\":\"https:\/\/schema.org\/OfflineEventAttendanceMode\",\"description\":\"Durante tr\\u00eas dias, o evento re\\u00fane cerca de 60 estandes de diferentes pa\\u00edses, com comidas e bebidas t\\u00edpicas, artesanato, joias, roupas, bolsas e decora\\u00e7\\u00e3o de Natal. A entrada \\u00e9 gratuita e toda a arrecada\\u00e7\\u00e3o vai para projetos humanit\\u00e1rios.\",\"location\":{\"@type\":\"Place\",\"name\":\"LuxExpo The Box\",\"address\":{\"@type\":\"PostalAddress\",\"addressLocality\":\"Cidade de Luxemburgo\",\"addressCountry\":\"LU\"}},\"url\":\"https:\/\/www.bazar-international.lu\/\",\"inLanguage\":\"pt-BR\",\"organizer\":{\"@type\":\"Organization\",\"name\":\"Bazar International de Luxembourg\",\"url\":\"https:\/\/www.bazar-international.lu\/\"}}}]}}<\/script>\t\t\t\t<\/div>\n\t\t\t\t\t<\/div>\n\t\t\t\t<\/div>\n\t\t\t\t<\/div>\n\t\t","protected":false},"excerpt":{"rendered":"<p>Eventos de Dupla Cidadania Luxemburguesa Confira os eventos mais interessantes para quem j\u00e1 tem ou est\u00e1 em busca da dupla cidadania luxemburguesa. Em Luxemburgo, no Brasil ou online: a gente te conta tudo. Eventos P\u00fablicos Os eventos abaixo n\u00e3o s\u00e3o organizados pela LuxCitizenship, mas reunimos aqui uma sele\u00e7\u00e3o de atividades que podem interessar a quem &hellip;<\/p>\n","protected":false},"author":2,"featured_media":42065,"parent":0,"menu_order":0,"comment_status":"closed","ping_status":"closed","template":"elementor_header_footer","meta":{"_genesis_block_theme_hide_title":false,"footnotes":""},"tags":[],"class_list":["post-42077","page","type-page","status-publish","has-post-thumbnail","hentry","post","with-featured-image"],"yoast_head":"<!-- This site is optimized with the Yoast SEO Premium plugin v28.2 (Yoast SEO v28.4) - https:\/\/yoast.com\/product\/yoast-seo-premium-wordpress\/ -->\n<title>Eventos de Dupla Cidadania Luxemburguesa | LuxCitizenship<\/title>\n<meta name=\"description\" content=\"Saiba mais sobre os eventos mais importantes em Luxemburgo para cidad\u00e3os com dupla cidadania. Tamb\u00e9m fornecemos informa\u00e7\u00f5es sobre os eventos do LuxCitizenship.\" \/>\n<meta name=\"robots\" content=\"index, follow, max-snippet:-1, max-image-preview:large, max-video-preview:-1\" \/>\n<link rel=\"canonical\" href=\"https:\/\/www.luxcitizenship.com\/br\/eventos-de-dupla-cidadania-em-luxemburgo\/\" \/>\n<meta property=\"og:locale\" content=\"pt_BR\" \/>\n<meta property=\"og:type\" content=\"article\" \/>\n<meta property=\"og:title\" content=\"Eventos de Dupla Cidadania Luxemburguesa\" \/>\n<meta property=\"og:description\" content=\"Saiba mais sobre os eventos mais importantes em Luxemburgo para cidad\u00e3os com dupla cidadania. Tamb\u00e9m fornecemos informa\u00e7\u00f5es sobre os eventos do LuxCitizenship.\" \/>\n<meta property=\"og:url\" content=\"https:\/\/www.luxcitizenship.com\/br\/eventos-de-dupla-cidadania-em-luxemburgo\/\" \/>\n<meta property=\"og:site_name\" content=\"LuxCitizenship\" \/>\n<meta property=\"article:publisher\" content=\"https:\/\/www.facebook.com\/luxcitizenship\/\" \/>\n<meta property=\"article:modified_time\" content=\"2026-08-14T00:05:07+00:00\" \/>\n<meta property=\"og:image\" content=\"https:\/\/www.luxcitizenship.com\/wp-content\/uploads\/2022\/01\/Veronica-Daniel-Luxembourg-Crop.png\" \/>\n\t<meta property=\"og:image:width\" content=\"1604\" \/>\n\t<meta property=\"og:image:height\" content=\"1203\" \/>\n\t<meta property=\"og:image:type\" content=\"image\/png\" \/>\n<meta name=\"twitter:card\" content=\"summary_large_image\" \/>\n<meta name=\"twitter:title\" content=\"Eventos para pessoas com dupla cidadania luxemburguesa\" \/>\n<meta name=\"twitter:label1\" content=\"Est. tempo de leitura\" \/>\n\t<meta name=\"twitter:data1\" content=\"2 minutos\" \/>\n<script type=\"application\/ld+json\" class=\"yoast-schema-graph\">{\"@context\":\"https:\\\/\\\/schema.org\",\"@graph\":[{\"@type\":\"WebPage\",\"@id\":\"https:\\\/\\\/www.luxcitizenship.com\\\/br\\\/eventos-de-dupla-cidadania-em-luxemburgo\\\/\",\"url\":\"https:\\\/\\\/www.luxcitizenship.com\\\/br\\\/eventos-de-dupla-cidadania-em-luxemburgo\\\/\",\"name\":\"Eventos de Dupla Cidadania Luxemburguesa | LuxCitizenship\",\"isPartOf\":{\"@id\":\"https:\\\/\\\/www.luxcitizenship.com\\\/br\\\/#website\"},\"primaryImageOfPage\":{\"@id\":\"https:\\\/\\\/www.luxcitizenship.com\\\/br\\\/eventos-de-dupla-cidadania-em-luxemburgo\\\/#primaryimage\"},\"image\":{\"@id\":\"https:\\\/\\\/www.luxcitizenship.com\\\/br\\\/eventos-de-dupla-cidadania-em-luxemburgo\\\/#primaryimage\"},\"thumbnailUrl\":\"https:\\\/\\\/www.luxcitizenship.com\\\/wp-content\\\/uploads\\\/2022\\\/01\\\/Veronica-Daniel-Luxembourg-Crop.png\",\"datePublished\":\"2022-02-10T00:47:07+00:00\",\"dateModified\":\"2026-08-14T00:05:07+00:00\",\"description\":\"Saiba mais sobre os eventos mais importantes em Luxemburgo para cidad\u00e3os com dupla cidadania. Tamb\u00e9m fornecemos informa\u00e7\u00f5es sobre os eventos do LuxCitizenship.\",\"breadcrumb\":{\"@id\":\"https:\\\/\\\/www.luxcitizenship.com\\\/br\\\/eventos-de-dupla-cidadania-em-luxemburgo\\\/#breadcrumb\"},\"inLanguage\":\"pt-BR\",\"potentialAction\":[{\"@type\":\"ReadAction\",\"target\":[\"https:\\\/\\\/www.luxcitizenship.com\\\/br\\\/eventos-de-dupla-cidadania-em-luxemburgo\\\/\"]}]},{\"@type\":\"ImageObject\",\"inLanguage\":\"pt-BR\",\"@id\":\"https:\\\/\\\/www.luxcitizenship.com\\\/br\\\/eventos-de-dupla-cidadania-em-luxemburgo\\\/#primaryimage\",\"url\":\"https:\\\/\\\/www.luxcitizenship.com\\\/wp-content\\\/uploads\\\/2022\\\/01\\\/Veronica-Daniel-Luxembourg-Crop.png\",\"contentUrl\":\"https:\\\/\\\/www.luxcitizenship.com\\\/wp-content\\\/uploads\\\/2022\\\/01\\\/Veronica-Daniel-Luxembourg-Crop.png\",\"width\":1604,\"height\":1203},{\"@type\":\"BreadcrumbList\",\"@id\":\"https:\\\/\\\/www.luxcitizenship.com\\\/br\\\/eventos-de-dupla-cidadania-em-luxemburgo\\\/#breadcrumb\",\"itemListElement\":[{\"@type\":\"ListItem\",\"position\":1,\"name\":\"Home\",\"item\":\"https:\\\/\\\/www.luxcitizenship.com\\\/br\\\/\"},{\"@type\":\"ListItem\",\"position\":2,\"name\":\"Eventos para pessoas com dupla cidadania luxemburguesa\"}]},{\"@type\":\"WebSite\",\"@id\":\"https:\\\/\\\/www.luxcitizenship.com\\\/br\\\/#website\",\"url\":\"https:\\\/\\\/www.luxcitizenship.com\\\/br\\\/\",\"name\":\"LuxCitizenship\",\"description\":\"LuxCitizenship guides individuals worldwide in reclaiming Luxembourg dual citizenship through ancestry, offering expert support and fostering a global community.\",\"publisher\":{\"@id\":\"https:\\\/\\\/www.luxcitizenship.com\\\/br\\\/#organization\"},\"alternateName\":\"luxcitizenship.com\",\"potentialAction\":[{\"@type\":\"SearchAction\",\"target\":{\"@type\":\"EntryPoint\",\"urlTemplate\":\"https:\\\/\\\/www.luxcitizenship.com\\\/br\\\/?s={search_term_string}\"},\"query-input\":{\"@type\":\"PropertyValueSpecification\",\"valueRequired\":true,\"valueName\":\"search_term_string\"}}],\"inLanguage\":\"pt-BR\"},{\"@type\":\"Organization\",\"@id\":\"https:\\\/\\\/www.luxcitizenship.com\\\/br\\\/#organization\",\"name\":\"LuxCitizenship\",\"alternateName\":\"Lux Citizenship\",\"url\":\"https:\\\/\\\/www.luxcitizenship.com\\\/br\\\/\",\"logo\":{\"@type\":\"ImageObject\",\"inLanguage\":\"pt-BR\",\"@id\":\"https:\\\/\\\/www.luxcitizenship.com\\\/br\\\/#\\\/schema\\\/logo\\\/image\\\/\",\"url\":\"https:\\\/\\\/www.luxcitizenship.com\\\/wp-content\\\/uploads\\\/2025\\\/07\\\/Logo-LuxCitizenship-scaled.png\",\"contentUrl\":\"https:\\\/\\\/www.luxcitizenship.com\\\/wp-content\\\/uploads\\\/2025\\\/07\\\/Logo-LuxCitizenship-scaled.png\",\"width\":2560,\"height\":340,\"caption\":\"LuxCitizenship\"},\"image\":{\"@id\":\"https:\\\/\\\/www.luxcitizenship.com\\\/br\\\/#\\\/schema\\\/logo\\\/image\\\/\"},\"sameAs\":[\"https:\\\/\\\/www.facebook.com\\\/luxcitizenship\\\/\",\"https:\\\/\\\/www.instagram.com\\\/lux.citizenship\\\/\",\"https:\\\/\\\/www.linkedin.com\\\/company\\\/76830834\",\"https:\\\/\\\/www.youtube.com\\\/channel\\\/UCyNFiM2LEdudlH_icjmfNKg\"],\"founder\":{\"@id\":\"https:\\\/\\\/danielatz.com\\\/#person\"},\"foundingDate\":\"2016\",\"address\":{\"@type\":\"PostalAddress\",\"streetAddress\":\"500 7th Avenue, Floor 8\",\"addressLocality\":\"New York\",\"addressRegion\":\"NY\",\"postalCode\":\"10018\",\"addressCountry\":\"US\"},\"parentOrganization\":{\"@type\":\"Organization\",\"name\":\"Connaissance Solutions LLC\",\"url\":\"https:\\\/\\\/connaissance.co\\\/\"},\"description\":\"Whether you\u2019re seeking citizenship, community, or a deeper connection to your heritage, LuxCitizenship is here to help you every step of the way.\",\"email\":\"info@luxcitizenship.com\",\"telephone\":\"(917) 740-8908\",\"legalName\":\"Connaissance Solutions LLC\",\"numberOfEmployees\":{\"@type\":\"QuantitativeValue\",\"minValue\":\"11\",\"maxValue\":\"50\"}}]}<\/script>\n<!-- \/ Yoast SEO Premium plugin. -->","yoast_head_json":{"title":"Eventos de Dupla Cidadania Luxemburguesa | LuxCitizenship","description":"Saiba mais sobre os eventos mais importantes em Luxemburgo para cidad\u00e3os com dupla cidadania. Tamb\u00e9m fornecemos informa\u00e7\u00f5es sobre os eventos do LuxCitizenship.","robots":{"index":"index","follow":"follow","max-snippet":"max-snippet:-1","max-image-preview":"max-image-preview:large","max-video-preview":"max-video-preview:-1"},"canonical":"https:\/\/www.luxcitizenship.com\/br\/eventos-de-dupla-cidadania-em-luxemburgo\/","og_locale":"pt_BR","og_type":"article","og_title":"Eventos de Dupla Cidadania Luxemburguesa","og_description":"Saiba mais sobre os eventos mais importantes em Luxemburgo para cidad\u00e3os com dupla cidadania. Tamb\u00e9m fornecemos informa\u00e7\u00f5es sobre os eventos do LuxCitizenship.","og_url":"https:\/\/www.luxcitizenship.com\/br\/eventos-de-dupla-cidadania-em-luxemburgo\/","og_site_name":"LuxCitizenship","article_publisher":"https:\/\/www.facebook.com\/luxcitizenship\/","article_modified_time":"2026-08-14T00:05:07+00:00","og_image":[{"width":1604,"height":1203,"url":"https:\/\/www.luxcitizenship.com\/wp-content\/uploads\/2022\/01\/Veronica-Daniel-Luxembourg-Crop.png","type":"image\/png"}],"twitter_card":"summary_large_image","twitter_title":"Eventos para pessoas com dupla cidadania luxemburguesa","twitter_misc":{"Est. tempo de leitura":"2 minutos"},"schema":{"@context":"https:\/\/schema.org","@graph":[{"@type":"WebPage","@id":"https:\/\/www.luxcitizenship.com\/br\/eventos-de-dupla-cidadania-em-luxemburgo\/","url":"https:\/\/www.luxcitizenship.com\/br\/eventos-de-dupla-cidadania-em-luxemburgo\/","name":"Eventos de Dupla Cidadania Luxemburguesa | LuxCitizenship","isPartOf":{"@id":"https:\/\/www.luxcitizenship.com\/br\/#website"},"primaryImageOfPage":{"@id":"https:\/\/www.luxcitizenship.com\/br\/eventos-de-dupla-cidadania-em-luxemburgo\/#primaryimage"},"image":{"@id":"https:\/\/www.luxcitizenship.com\/br\/eventos-de-dupla-cidadania-em-luxemburgo\/#primaryimage"},"thumbnailUrl":"https:\/\/www.luxcitizenship.com\/wp-content\/uploads\/2022\/01\/Veronica-Daniel-Luxembourg-Crop.png","datePublished":"2022-02-10T00:47:07+00:00","dateModified":"2026-08-14T00:05:07+00:00","description":"Saiba mais sobre os eventos mais importantes em Luxemburgo para cidad\u00e3os com dupla cidadania. Tamb\u00e9m fornecemos informa\u00e7\u00f5es sobre os eventos do LuxCitizenship.","breadcrumb":{"@id":"https:\/\/www.luxcitizenship.com\/br\/eventos-de-dupla-cidadania-em-luxemburgo\/#breadcrumb"},"inLanguage":"pt-BR","potentialAction":[{"@type":"ReadAction","target":["https:\/\/www.luxcitizenship.com\/br\/eventos-de-dupla-cidadania-em-luxemburgo\/"]}]},{"@type":"ImageObject","inLanguage":"pt-BR","@id":"https:\/\/www.luxcitizenship.com\/br\/eventos-de-dupla-cidadania-em-luxemburgo\/#primaryimage","url":"https:\/\/www.luxcitizenship.com\/wp-content\/uploads\/2022\/01\/Veronica-Daniel-Luxembourg-Crop.png","contentUrl":"https:\/\/www.luxcitizenship.com\/wp-content\/uploads\/2022\/01\/Veronica-Daniel-Luxembourg-Crop.png","width":1604,"height":1203},{"@type":"BreadcrumbList","@id":"https:\/\/www.luxcitizenship.com\/br\/eventos-de-dupla-cidadania-em-luxemburgo\/#breadcrumb","itemListElement":[{"@type":"ListItem","position":1,"name":"Home","item":"https:\/\/www.luxcitizenship.com\/br\/"},{"@type":"ListItem","position":2,"name":"Eventos para pessoas com dupla cidadania luxemburguesa"}]},{"@type":"WebSite","@id":"https:\/\/www.luxcitizenship.com\/br\/#website","url":"https:\/\/www.luxcitizenship.com\/br\/","name":"LuxCitizenship","description":"LuxCitizenship guides individuals worldwide in reclaiming Luxembourg dual citizenship through ancestry, offering expert support and fostering a global community.","publisher":{"@id":"https:\/\/www.luxcitizenship.com\/br\/#organization"},"alternateName":"luxcitizenship.com","potentialAction":[{"@type":"SearchAction","target":{"@type":"EntryPoint","urlTemplate":"https:\/\/www.luxcitizenship.com\/br\/?s={search_term_string}"},"query-input":{"@type":"PropertyValueSpecification","valueRequired":true,"valueName":"search_term_string"}}],"inLanguage":"pt-BR"},{"@type":"Organization","@id":"https:\/\/www.luxcitizenship.com\/br\/#organization","name":"LuxCitizenship","alternateName":"Lux Citizenship","url":"https:\/\/www.luxcitizenship.com\/br\/","logo":{"@type":"ImageObject","inLanguage":"pt-BR","@id":"https:\/\/www.luxcitizenship.com\/br\/#\/schema\/logo\/image\/","url":"https:\/\/www.luxcitizenship.com\/wp-content\/uploads\/2025\/07\/Logo-LuxCitizenship-scaled.png","contentUrl":"https:\/\/www.luxcitizenship.com\/wp-content\/uploads\/2025\/07\/Logo-LuxCitizenship-scaled.png","width":2560,"height":340,"caption":"LuxCitizenship"},"image":{"@id":"https:\/\/www.luxcitizenship.com\/br\/#\/schema\/logo\/image\/"},"sameAs":["https:\/\/www.facebook.com\/luxcitizenship\/","https:\/\/www.instagram.com\/lux.citizenship\/","https:\/\/www.linkedin.com\/company\/76830834","https:\/\/www.youtube.com\/channel\/UCyNFiM2LEdudlH_icjmfNKg"],"founder":{"@id":"https:\/\/danielatz.com\/#person"},"foundingDate":"2016","address":{"@type":"PostalAddress","streetAddress":"500 7th Avenue, Floor 8","addressLocality":"New York","addressRegion":"NY","postalCode":"10018","addressCountry":"US"},"parentOrganization":{"@type":"Organization","name":"Connaissance Solutions LLC","url":"https:\/\/connaissance.co\/"},"description":"Whether you\u2019re seeking citizenship, community, or a deeper connection to your heritage, LuxCitizenship is here to help you every step of the way.","email":"info@luxcitizenship.com","telephone":"(917) 740-8908","legalName":"Connaissance Solutions LLC","numberOfEmployees":{"@type":"QuantitativeValue","minValue":"11","maxValue":"50"}}]}},"featured_image_src":"https:\/\/www.luxcitizenship.com\/wp-content\/uploads\/2022\/01\/Veronica-Daniel-Luxembourg-Crop-600x400.png","featured_image_src_square":"https:\/\/www.luxcitizenship.com\/wp-content\/uploads\/2022\/01\/Veronica-Daniel-Luxembourg-Crop-600x600.png","_links":{"self":[{"href":"https:\/\/www.luxcitizenship.com\/br\/wp-json\/wp\/v2\/pages\/42077","targetHints":{"allow":["GET"]}}],"collection":[{"href":"https:\/\/www.luxcitizenship.com\/br\/wp-json\/wp\/v2\/pages"}],"about":[{"href":"https:\/\/www.luxcitizenship.com\/br\/wp-json\/wp\/v2\/types\/page"}],"author":[{"embeddable":true,"href":"https:\/\/www.luxcitizenship.com\/br\/wp-json\/wp\/v2\/users\/2"}],"replies":[{"embeddable":true,"href":"https:\/\/www.luxcitizenship.com\/br\/wp-json\/wp\/v2\/comments?post=42077"}],"version-history":[{"count":5,"href":"https:\/\/www.luxcitizenship.com\/br\/wp-json\/wp\/v2\/pages\/42077\/revisions"}],"predecessor-version":[{"id":62561,"href":"https:\/\/www.luxcitizenship.com\/br\/wp-json\/wp\/v2\/pages\/42077\/revisions\/62561"}],"wp:featuredmedia":[{"embeddable":true,"href":"https:\/\/www.luxcitizenship.com\/br\/wp-json\/wp\/v2\/media\/42065"}],"wp:attachment":[{"href":"https:\/\/www.luxcitizenship.com\/br\/wp-json\/wp\/v2\/media?parent=42077"}],"wp:term":[{"taxonomy":"post_tag","embeddable":true,"href":"https:\/\/www.luxcitizenship.com\/br\/wp-json\/wp\/v2\/tags?post=42077"}],"curies":[{"name":"wp","href":"https:\/\/api.w.org\/{rel}","templated":true}]}}